{"id":366,"date":"2017-11-15T16:56:19","date_gmt":"2017-11-15T15:56:19","guid":{"rendered":"http:\/\/www.buchstart.at\/materialien\/?post_type=product&#038;p=366"},"modified":"2017-11-15T16:56:19","modified_gmt":"2017-11-15T15:56:19","slug":"die-geschichte-vom-loewen-der-nicht-schreiben-konnte","status":"publish","type":"product","link":"https:\/\/www.buchstart.at\/materialien\/?product=die-geschichte-vom-loewen-der-nicht-schreiben-konnte","title":{"rendered":"Die Geschichte vom L\u00f6wen, der nicht schreiben konnte"},"content":{"rendered":"<p>Martin Baltscheit<\/p>\n<p>Eigentlich war der L\u00f6we ja sehr zufrieden mit sich und der Welt. Doch dann trifft er auf eine hinrei\u00dfende L\u00f6win und macht eine h\u00f6chst verst\u00f6rende Entdeckung &#8211; nix k\u00fcssen, erst Liebesbriefe! Doch der L\u00f6we kann nicht schreiben&#8230;.<br \/>\n\/ Dias<\/p>\n<p><span style=\"color: #ff0000;\">Verleihkonditionen:<\/span><\/p>\n<p><span style=\"color: #ff0000;\">Mitgliedsbibliotheken k\u00f6nnen bis zu zwei Bilderbuchkinos gleichzeitig entlehnen. Die Entlehnfrist betr\u00e4gt 14 Tage. Bitte vermerken Sie in den Bestellnotizen bis zu welchem Zeitpunkt das Bilderbuchkino bei Ihnen eingelangt sein sollte. Nach Absenden Ihrer Anfrage pr\u00fcfen wir die Verf\u00fcgbarkeit und senden Ihnen ein Best\u00e4tigungsmail. Die Kosten f\u00fcr die Zusendung \u00fcbernimmt das \u00d6sterreichische Bibliothekswerk, das Porto f\u00fcr die R\u00fccksendung tr\u00e4gt Ihre Bibliothek.<\/span><\/p>\n","protected":false},"excerpt":{"rendered":"<p>Verleih<\/p>\n","protected":false},"featured_media":328,"template":"","meta":[],"product_cat":[54],"product_tag":[],"_links":{"self":[{"href":"https:\/\/www.buchstart.at\/materialien\/index.php?rest_route=\/wp\/v2\/product\/366"}],"collection":[{"href":"https:\/\/www.buchstart.at\/materialien\/index.php?rest_route=\/wp\/v2\/product"}],"about":[{"href":"https:\/\/www.buchstart.at\/materialien\/index.php?rest_route=\/wp\/v2\/types\/product"}],"wp:featuredmedia":[{"embeddable":true,"href":"https:\/\/www.buchstart.at\/materialien\/index.php?rest_route=\/wp\/v2\/media\/328"}],"wp:attachment":[{"href":"https:\/\/www.buchstart.at\/materialien\/index.php?rest_route=%2Fwp%2Fv2%2Fmedia&parent=366"}],"wp:term":[{"taxonomy":"product_cat","embeddable":true,"href":"https:\/\/www.buchstart.at\/materialien\/index.php?rest_route=%2Fwp%2Fv2%2Fproduct_cat&post=366"},{"taxonomy":"product_tag","embeddable":true,"href":"https:\/\/www.buchstart.at\/materialien\/index.php?rest_route=%2Fwp%2Fv2%2Fproduct_tag&post=366"}],"curies":[{"name":"wp","href":"https:\/\/api.w.org\/{rel}","templated":true}]}}